{"id":2184,"date":"2019-08-14T15:27:41","date_gmt":"2019-08-14T13:27:41","guid":{"rendered":"https:\/\/medispine.aretis-staging.ch\/?page_id=2184"},"modified":"2019-09-16T17:00:23","modified_gmt":"2019-09-16T15:00:23","slug":"herniediscale-aigue","status":"publish","type":"page","link":"https:\/\/www.medispine.ch\/fr\/la-colonne-vertebrale\/pathologies-degeneratives\/herniediscale-aigue\/","title":{"rendered":"Hernie discale aigu\u00eb"},"content":{"rendered":"<div id='sub_menu1'  class='av-submenu-container av-av_submenu-28b8ff3b3f2fb414752a6ac1e60da276 main_color av-switch-768  avia-builder-el-0  el_before_av_layerslider  avia-builder-el-first  container_wrap fullsize' style='z-index:301' ><div class='container av-menu-mobile-active av-submenu-pos-center av-submenu-hidden'><a href=\"#\" class=\"mobile_menu_toggle\"><span class='avia-svg-icon avia-font-svg_entypo-fontello' data-av_svg_icon='list' data-av_iconset='svg_entypo-fontello'><svg version=\"1.1\" xmlns=\"http:\/\/www.w3.org\/2000\/svg\" width=\"22\" height=\"32\" viewBox=\"0 0 22 32\" preserveAspectRatio=\"xMidYMid meet\" aria-labelledby='av-svg-title-1' aria-describedby='av-svg-desc-1' role=\"graphics-symbol\" aria-hidden=\"true\">\n<title id='av-svg-title-1'>List<\/title>\n<desc id='av-svg-desc-1'>List<\/desc>\n<path d=\"M3.2 20.8q0.64 0 1.12 0.48t0.48 1.12-0.48 1.12-1.12 0.48h-1.6q-0.64 0-1.12-0.48t-0.48-1.12 0.448-1.12 1.152-0.48h1.6zM3.2 14.4q0.64 0 1.12 0.48t0.48 1.12-0.48 1.12-1.12 0.48h-1.6q-0.64 0-1.12-0.48t-0.48-1.12 0.448-1.12 1.152-0.48h1.6zM3.2 8q0.64 0 1.12 0.48t0.48 1.12-0.48 1.12-1.12 0.48h-1.6q-0.64 0-1.12-0.48t-0.48-1.12 0.448-1.12 1.152-0.48h1.6zM9.6 11.2q-0.64 0-1.12-0.48t-0.48-1.12 0.48-1.12 1.12-0.48h11.2q0.704 0 1.152 0.48t0.448 1.12-0.48 1.12-1.12 0.48h-11.2zM20.8 14.4q0.704 0 1.152 0.48t0.448 1.12-0.48 1.12-1.12 0.48h-11.2q-0.64 0-1.12-0.48t-0.48-1.12 0.48-1.12 1.12-0.48h11.2zM20.8 20.8q0.704 0 1.152 0.48t0.448 1.12-0.48 1.12-1.12 0.48h-11.2q-0.64 0-1.12-0.48t-0.48-1.12 0.48-1.12 1.12-0.48h11.2z\"><\/path>\n<\/svg><\/span><span class=\"av-current-placeholder\">Menu<\/span><\/a><ul id=\"menu-sub-degenerative-pathologien-franzoesisch\" class=\"av-subnav-menu\" role=\"menu\"><li role=\"menuitem\" id=\"menu-item-2947\" class=\"menu-item menu-item-type-post_type menu-item-object-page menu-item-top-level menu-item-top-level-1\"><a href=\"https:\/\/www.medispine.ch\/fr\/la-colonne-vertebrale\/pathologies-degeneratives\/herniediscale-aigue\/\" itemprop=\"url\" tabindex=\"0\"><span class=\"avia-bullet\"><\/span><span class=\"avia-menu-text\">Hernie discale aigu\u00eb<\/span><span class=\"avia-menu-fx\"><span class=\"avia-arrow-wrap\"><span class=\"avia-arrow\"><\/span><\/span><\/span><\/a><\/li>\n<li role=\"menuitem\" id=\"menu-item-2948\" class=\"menu-item menu-item-type-post_type menu-item-object-page menu-item-top-level menu-item-top-level-2\"><a href=\"https:\/\/www.medispine.ch\/fr\/la-colonne-vertebrale\/pathologies-degeneratives\/stenose-du-canal-rachidien\/\" itemprop=\"url\" tabindex=\"0\"><span class=\"avia-bullet\"><\/span><span class=\"avia-menu-text\">St\u00e9nose du canal rachidien<\/span><span class=\"avia-menu-fx\"><span class=\"avia-arrow-wrap\"><span class=\"avia-arrow\"><\/span><\/span><\/span><\/a><\/li>\n<li role=\"menuitem\" id=\"menu-item-2949\" class=\"menu-item menu-item-type-post_type menu-item-object-page menu-item-top-level menu-item-top-level-3\"><a href=\"https:\/\/www.medispine.ch\/fr\/la-colonne-vertebrale\/pathologies-degeneratives\/myelopathies\/\" itemprop=\"url\" tabindex=\"0\"><span class=\"avia-bullet\"><\/span><span class=\"avia-menu-text\">My\u00e9lopathies<\/span><span class=\"avia-menu-fx\"><span class=\"avia-arrow-wrap\"><span class=\"avia-arrow\"><\/span><\/span><\/span><\/a><\/li>\n<li role=\"menuitem\" id=\"menu-item-2950\" class=\"menu-item menu-item-type-post_type menu-item-object-page menu-item-top-level menu-item-top-level-4\"><a href=\"https:\/\/www.medispine.ch\/fr\/la-colonne-vertebrale\/pathologies-degeneratives\/spondylolisthesis\/\" itemprop=\"url\" tabindex=\"0\"><span class=\"avia-bullet\"><\/span><span class=\"avia-menu-text\">Spondylolisth\u00e9sis<\/span><span class=\"avia-menu-fx\"><span class=\"avia-arrow-wrap\"><span class=\"avia-arrow\"><\/span><\/span><\/span><\/a><\/li>\n<\/ul><\/div><\/div>\n<div id='layer_slider_1'  class='avia-layerslider main_color avia-shadow  avia-builder-el-1  el_after_av_submenu  el_before_av_section  slider-not-first container_wrap fullsize'  style='height: 751px;'  ><link href=\"https:\/\/fonts.googleapis.com\/css?family=Montserrat:100,100i,200,200i,300,300i,400,400i,500,500i,600,600i,700,700i,800,800i,900,900i\" rel=\"stylesheet\"><div id=\"layerslider_20_1vmjjlvzo07l0\"  class=\"ls-wp-container fitvidsignore ls-selectable\" style=\"width:1200px;height:750px;margin:0 auto;margin-bottom: 0px;\"><div class=\"ls-slide\" data-ls=\"bgsize:cover;bgcolor:#ffffff;duration:4000;parallaxevent:scroll;parallaxdurationmove:0;\"><img decoding=\"async\" width=\"2500\" height=\"2500\" src=\"https:\/\/www.medispine.ch\/wp-content\/uploads\/2019\/08\/layer_banscheibenvorfall.jpg\" class=\"ls-bg\" alt=\"\" srcset=\"https:\/\/www.medispine.ch\/wp-content\/uploads\/2019\/08\/layer_banscheibenvorfall.jpg 2500w, https:\/\/www.medispine.ch\/wp-content\/uploads\/2019\/08\/layer_banscheibenvorfall-500x500.jpg 500w, https:\/\/www.medispine.ch\/wp-content\/uploads\/2019\/08\/layer_banscheibenvorfall-80x80.jpg 80w, https:\/\/www.medispine.ch\/wp-content\/uploads\/2019\/08\/layer_banscheibenvorfall-768x768.jpg 768w, https:\/\/www.medispine.ch\/wp-content\/uploads\/2019\/08\/layer_banscheibenvorfall-1030x1030.jpg 1030w, https:\/\/www.medispine.ch\/wp-content\/uploads\/2019\/08\/layer_banscheibenvorfall-36x36.jpg 36w, https:\/\/www.medispine.ch\/wp-content\/uploads\/2019\/08\/layer_banscheibenvorfall-180x180.jpg 180w, https:\/\/www.medispine.ch\/wp-content\/uploads\/2019\/08\/layer_banscheibenvorfall-1500x1500.jpg 1500w, https:\/\/www.medispine.ch\/wp-content\/uploads\/2019\/08\/layer_banscheibenvorfall-705x705.jpg 705w, https:\/\/www.medispine.ch\/wp-content\/uploads\/2019\/08\/layer_banscheibenvorfall-120x120.jpg 120w, https:\/\/www.medispine.ch\/wp-content\/uploads\/2019\/08\/layer_banscheibenvorfall-450x450.jpg 450w, https:\/\/www.medispine.ch\/wp-content\/uploads\/2019\/08\/layer_banscheibenvorfall-300x300.jpg 300w\" sizes=\"(max-width: 2500px) 100vw, 2500px\" \/><div style=\"top:0px;text-align:initial;font-weight:400;font-style:normal;text-decoration:none;width:100%;height:100%;background:rgba(8, 0, 3, 0.4);font-size:13px;line-height:14px;left:0px;\" class=\"ls-l ls-html-layer\" data-ls=\"showinfo:1;static:forever;position:fixed;\"><\/div><p style=\"text-shadow: 0 1px 2px rgba(0,0,0,0.3);top:129px;left:72px;text-align:initial;font-weight:400;font-style:normal;text-decoration:none;font-family:Montserrat;color:#ffffff;font-size:70px;\" class=\"ls-l ls-text-layer\" data-ls=\"showinfo:1;offsetyin:-20;clipin:0 0 100% 0;static:forever;position:relative;\">HERNIE DISCALE<\/p><p style=\"top:405px;left:141px;text-align:initial;font-weight:400;font-style:italic;text-decoration:none;font-family:Montserrat;color:#ffffff;font-size:35px;\" class=\"ls-l ls-text-layer\" data-ls=\"showinfo:1;offsetxin:80;durationin:1500;delayin:3100;easingin:easeOutExpo;static:forever;position:relative;\">Sympt\u00f4mes<\/p><span style=\"top:401px;left:78px;text-align:initial;font-weight:400;font-style:italic;text-decoration:none;font-family:Montserrat;color:#B8DFF6;font-size:44px;line-height:48px;\" class=\"ls-l ls-icon-layer\" data-ls=\"showinfo:1;offsetxin:80;durationin:1500;delayin:3100;easingin:easeOutExpo;rotatein:random(-45,45);rotatexin:random(-45,45);static:forever;position:relative;\"><i class=\"fa fa-check-circle\"><\/i><\/span><p style=\"top:471px;left:137px;text-align:initial;font-weight:400;font-style:italic;text-decoration:none;font-family:Montserrat;color:#ffffff;font-size:35px;\" class=\"ls-l ls-text-layer\" data-ls=\"showinfo:1;offsetxin:80;durationin:1500;delayin:4600;easingin:easeOutExpo;static:forever;position:relative;\">Diagnostic<\/p><span style=\"top:470px;left:78px;text-align:initial;font-weight:400;font-style:italic;text-decoration:none;font-family:Montserrat;color:#B8DFF6;font-size:44px;line-height:44px;\" class=\"ls-l ls-icon-layer\" data-ls=\"showinfo:1;offsetxin:80;durationin:1500;delayin:4600;easingin:easeOutExpo;rotatein:random(-45,45);rotatexin:random(-45,45);static:forever;position:relative;\"><i class=\"fa fa-check-circle\"><\/i><\/span><p style=\"top:539px;left:136px;text-align:initial;font-weight:400;font-style:italic;text-decoration:none;font-family:Montserrat;color:#ffffff;font-size:35px;\" class=\"ls-l ls-text-layer\" data-ls=\"showinfo:1;offsetxin:80;durationin:1500;delayin:6100;easingin:easeOutExpo;static:forever;position:relative;\">Traitement<\/p><span style=\"top:535px;left:78px;text-align:initial;font-weight:400;font-style:italic;text-decoration:none;font-family:Montserrat;color:#B8DFF6;font-size:44px;\" class=\"ls-l ls-icon-layer\" data-ls=\"showinfo:1;offsetxin:80;durationin:1500;delayin:6100;easingin:easeOutExpo;rotatein:random(-45,45);rotatexin:random(-45,45);static:forever;position:relative;\"><i class=\"fa fa-check-circle\"><\/i><\/span><p style=\"top:264px;left:82px;text-align:initial;font-weight:400;font-style:italic;text-decoration:none;font-family:Montserrat;color:#ffffff;font-size:30px;\" class=\"ls-l ls-text-layer\" data-ls=\"showinfo:1;offsetxin:80;durationin:1500;delayin:1600;easingin:easeOutExpo;static:forever;position:relative;\">Avez-vous des douleurs ? <br>\r\nNous posons un diagnostic et entamons un traitement pour vous.<\/p><a style=\"\" class=\"ls-l\" href=\"#1\" target=\"ls-scroll\" data-ls=\"offsetyin:40;delayin:6000;offsetxout:-80;durationout:400;parallax:true;parallaxlevel:-10;position:relative;\"><img decoding=\"async\" width=\"96\" height=\"96\" src=\"https:\/\/www.medispine.ch\/wp-content\/uploads\/2019\/07\/pfeil-unten.png\" class=\"ls-img-layer\" alt=\"\" srcset=\"https:\/\/www.medispine.ch\/wp-content\/uploads\/2019\/07\/pfeil-unten.png 96w, https:\/\/www.medispine.ch\/wp-content\/uploads\/2019\/07\/pfeil-unten-80x80.png 80w, https:\/\/www.medispine.ch\/wp-content\/uploads\/2019\/07\/pfeil-unten-36x36.png 36w\" sizes=\"(max-width: 96px) 100vw, 96px\" style=\"top:613px;left:567px;\"><\/a><\/div><\/div><\/div>\n<div id='av_section_1'  class='avia-section av-av_section-0cc4cf217a9fc6eb860cbf287790524f main_color avia-section-huge avia-shadow  avia-builder-el-2  el_after_av_layerslider  el_before_av_section  avia-bg-style-scroll container_wrap fullsize'  ><div class='container av-section-cont-open' ><div class='template-page content  av-content-full alpha units'><div class='post-entry post-entry-type-page post-entry-2184'><div class='entry-content-wrapper clearfix'>\n\n<style type=\"text\/css\" data-created_by=\"avia_inline_auto\" id=\"style-css-av-av_heading-77f7edc90b678eec042693b3a8765181\">\n#top .av-special-heading.av-av_heading-77f7edc90b678eec042693b3a8765181{\npadding-bottom:10px;\n}\nbody .av-special-heading.av-av_heading-77f7edc90b678eec042693b3a8765181 .av-special-heading-tag .heading-char{\nfont-size:25px;\n}\n.av-special-heading.av-av_heading-77f7edc90b678eec042693b3a8765181 .av-subheading{\nfont-size:26px;\n}\n<\/style>\n<div  class='av-special-heading av-av_heading-77f7edc90b678eec042693b3a8765181 av-special-heading-h1 blockquote modern-quote modern-centered  avia-builder-el-3  el_before_av_hr  avia-builder-el-first '><h1 class='av-special-heading-tag '  itemprop=\"headline\"  >Hernie discale aigu\u00eb<\/h1><div class='av-subheading av-subheading_below'><p>Traiter efficacement la hernie discale<\/p>\n<\/div><div class=\"special-heading-border\"><div class=\"special-heading-inner-border\"><\/div><\/div><\/div>\n<div  class='hr av-av_hr-34b6fe9e9f66a46e6d69cf6e4e15f130 hr-short  avia-builder-el-4  el_after_av_heading  el_before_av_one_half  hr-center'><span class='hr-inner '><span class=\"hr-inner-style\"><\/span><\/span><\/div>\n\n<style type=\"text\/css\" data-created_by=\"avia_inline_auto\" id=\"style-css-av-av_one_half-59458ccf06c4dcce77f4b0573caf1315\">\n#top .flex_column.av-av_one_half-59458ccf06c4dcce77f4b0573caf1315{\nmargin-top:30px;\nmargin-bottom:0px;\n}\n.flex_column.av-av_one_half-59458ccf06c4dcce77f4b0573caf1315{\nborder-radius:0px 0px 0px 0px;\npadding:0px 0px 0px 0px;\n}\n.responsive #top #wrap_all .flex_column.av-av_one_half-59458ccf06c4dcce77f4b0573caf1315{\nmargin-top:30px;\nmargin-bottom:0px;\n}\n<\/style>\n<div  class='flex_column av-av_one_half-59458ccf06c4dcce77f4b0573caf1315 av_one_half  avia-builder-el-5  el_after_av_hr  el_before_av_one_half  first av-break-at-tablet flex_column_div av-animated-generic fade-in av-zero-column-padding  '     ><p>\n<style type=\"text\/css\" data-created_by=\"avia_inline_auto\" id=\"style-css-av-av_heading-ffdfd4996f42b24501f545e9ef8b77b0\">\n#top .av-special-heading.av-av_heading-ffdfd4996f42b24501f545e9ef8b77b0{\npadding-bottom:0;\n}\nbody .av-special-heading.av-av_heading-ffdfd4996f42b24501f545e9ef8b77b0 .av-special-heading-tag .heading-char{\nfont-size:25px;\n}\n.av-special-heading.av-av_heading-ffdfd4996f42b24501f545e9ef8b77b0 .av-subheading{\nfont-size:15px;\n}\n<\/style>\n<div  class='av-special-heading av-av_heading-ffdfd4996f42b24501f545e9ef8b77b0 av-special-heading-h2 blockquote modern-quote modern-centered  avia-builder-el-6  el_before_av_textblock  avia-builder-el-first '><h2 class='av-special-heading-tag '  itemprop=\"headline\"  >Examen clinique<\/h2><div class=\"special-heading-border\"><div class=\"special-heading-inner-border\"><\/div><\/div><\/div><br \/>\n<section  class='av_textblock_section av-av_textblock-2de302bf1aa3cf4c9157dbe6f50ac7eb '   itemscope=\"itemscope\" itemtype=\"https:\/\/schema.org\/CreativeWork\" ><div class='avia_textblock'  itemprop=\"text\" ><p style=\"text-align: center;\">Le Centre de chirurgie du rachis de Bienne est sp\u00e9cialis\u00e9 dans le traitement de conservation, par intervention et mini-invasif des hernies discales. Pour poser le premier diagnostic, nous commen<em>\u00e7<\/em>ons par un examen clinique approfondi.<\/p>\n<\/div><\/section><\/p><\/div>\n<style type=\"text\/css\" data-created_by=\"avia_inline_auto\" id=\"style-css-av-av_one_half-4432563fe4687125e856cfc97ee4172e\">\n#top .flex_column.av-av_one_half-4432563fe4687125e856cfc97ee4172e{\nmargin-top:30px;\nmargin-bottom:0px;\n}\n.flex_column.av-av_one_half-4432563fe4687125e856cfc97ee4172e{\nborder-radius:0px 0px 0px 0px;\npadding:0px 0px 0px 0px;\n}\n.responsive #top #wrap_all .flex_column.av-av_one_half-4432563fe4687125e856cfc97ee4172e{\nmargin-top:30px;\nmargin-bottom:0px;\n}\n<\/style>\n<div  class='flex_column av-av_one_half-4432563fe4687125e856cfc97ee4172e av_one_half  avia-builder-el-8  el_after_av_one_half  avia-builder-el-last  av-break-at-tablet flex_column_div av-animated-generic fade-in av-zero-column-padding  '     ><p>\n<style type=\"text\/css\" data-created_by=\"avia_inline_auto\" id=\"style-css-av-av_heading-914cd614c79d343548a54cf38ca1a263\">\n#top .av-special-heading.av-av_heading-914cd614c79d343548a54cf38ca1a263{\npadding-bottom:0;\n}\nbody .av-special-heading.av-av_heading-914cd614c79d343548a54cf38ca1a263 .av-special-heading-tag .heading-char{\nfont-size:25px;\n}\n.av-special-heading.av-av_heading-914cd614c79d343548a54cf38ca1a263 .av-subheading{\nfont-size:15px;\n}\n<\/style>\n<div  class='av-special-heading av-av_heading-914cd614c79d343548a54cf38ca1a263 av-special-heading-h2 blockquote modern-quote modern-centered  avia-builder-el-9  el_before_av_textblock  avia-builder-el-first '><h2 class='av-special-heading-tag '  itemprop=\"headline\"  >Apaisement des douleurs<\/h2><div class=\"special-heading-border\"><div class=\"special-heading-inner-border\"><\/div><\/div><\/div><br \/>\n<section  class='av_textblock_section av-av_textblock-2de302bf1aa3cf4c9157dbe6f50ac7eb '   itemscope=\"itemscope\" itemtype=\"https:\/\/schema.org\/CreativeWork\" ><div class='avia_textblock'  itemprop=\"text\" ><p style=\"text-align: center;\">Notre principal objectif de traitement : apaiser les douleurs et rem\u00e9dier \u00e0 la d\u00e9faillance neurologique. Par ailleurs, nos patients doivent \u00eatre \u00e0 nouveau op\u00e9rationnels le plus vite possible au quotidien, que ce soit au travail ou dans leur vie priv\u00e9e.<\/p>\n<\/div><\/section><\/p><\/div>\n\n<\/div><\/div><\/div><!-- close content main div --><\/div><\/div><div id='av_section_2'  class='avia-section av-av_section-bf22281f91f7699978f948a79d10a383 alternate_color avia-section-large avia-no-shadow  avia-builder-el-11  el_after_av_section  el_before_av_section  avia-bg-style-parallax container_wrap fullsize'  ><div class='container av-section-cont-open' ><div class='template-page content  av-content-full alpha units'><div class='post-entry post-entry-type-page post-entry-2184'><div class='entry-content-wrapper clearfix'>\n\n<style type=\"text\/css\" data-created_by=\"avia_inline_auto\" id=\"style-css-av-av_one_third-19d04a15ac677095c39d0c6ea32a4525\">\n#top .flex_column.av-av_one_third-19d04a15ac677095c39d0c6ea32a4525{\nmargin-top:30px;\nmargin-bottom:0px;\n}\n.flex_column.av-av_one_third-19d04a15ac677095c39d0c6ea32a4525{\nborder-radius:0px 0px 0px 0px;\npadding:0px 0px 0px 0px;\n}\n.responsive #top #wrap_all .flex_column.av-av_one_third-19d04a15ac677095c39d0c6ea32a4525{\nmargin-top:30px;\nmargin-bottom:0px;\n}\n<\/style>\n<div  class='flex_column av-av_one_third-19d04a15ac677095c39d0c6ea32a4525 av_one_third  avia-builder-el-12  el_before_av_one_third  avia-builder-el-first  first av-break-at-tablet flex_column_div av-animated-generic pop-up av-zero-column-padding  '     ><article  class='iconbox iconbox_left av-av_icon_box-a251cdbc92be932797742d2ab3c97b6f  avia-builder-el-13  avia-builder-el-no-sibling '  itemscope=\"itemscope\" itemtype=\"https:\/\/schema.org\/CreativeWork\" ><div class=\"iconbox_content\"><header class=\"entry-content-header\" aria-label=\"Ic\u00f4ne : \u00c9pid\u00e9miologie\"><div class='iconbox_icon heading-color avia-iconfont avia-font-entypo-fontello' data-av_icon='\ue8b1' data-av_iconfont='entypo-fontello'  ><\/div><h3 class='iconbox_content_title '  itemprop=\"headline\" >\u00c9pid\u00e9miologie<\/h3><\/header><div class='iconbox_content_container '  itemprop=\"text\" ><ul>\n<li>Appara\u00eet surtout entre 30 et 50 ans.<\/li>\n<li>Les hommes sont pratiquement deux fois plus touch\u00e9s que les femmes<\/li>\n<li>Dans la plupart des cas, elle concerne la colonne lombaire et non la colonne cervicale<\/li>\n<li>La plupart des interventions ont lieu entre la 5e vert\u00e8bre lombaire et la 1\u00e8re vert\u00e8bre sacr\u00e9e<\/li>\n<li>4 800 op\u00e9rations par an en Suisse<\/li>\n<\/ul>\n<\/div><\/div><footer class=\"entry-footer\"><\/footer><\/article><\/div>\n<style type=\"text\/css\" data-created_by=\"avia_inline_auto\" id=\"style-css-av-av_one_third-d44619911ae79860cf32ccf16c37bd60\">\n#top .flex_column.av-av_one_third-d44619911ae79860cf32ccf16c37bd60{\nmargin-top:30px;\nmargin-bottom:0px;\n}\n.flex_column.av-av_one_third-d44619911ae79860cf32ccf16c37bd60{\nborder-radius:0px 0px 0px 0px;\npadding:0px 0px 0px 0px;\n}\n.responsive #top #wrap_all .flex_column.av-av_one_third-d44619911ae79860cf32ccf16c37bd60{\nmargin-top:30px;\nmargin-bottom:0px;\n}\n<\/style>\n<div  class='flex_column av-av_one_third-d44619911ae79860cf32ccf16c37bd60 av_one_third  avia-builder-el-14  el_after_av_one_third  el_before_av_one_third  av-break-at-tablet flex_column_div av-animated-generic pop-up av-zero-column-padding  '     ><article  class='iconbox iconbox_left av-av_icon_box-5b7c8bd3bb8f61b89de90c0a1c6124ce  avia-builder-el-15  el_before_av_codeblock  avia-builder-el-first '  itemscope=\"itemscope\" itemtype=\"https:\/\/schema.org\/CreativeWork\" ><div class=\"iconbox_content\"><header class=\"entry-content-header\" aria-label=\"Ic\u00f4ne : Sympt\u00f4mes\"><div class='iconbox_icon heading-color avia-iconfont avia-font-entypo-fontello' data-av_icon='\ue84b' data-av_iconfont='entypo-fontello'  ><\/div><h3 class='iconbox_content_title '  itemprop=\"headline\" >Sympt\u00f4mes<\/h3><\/header><div class='iconbox_content_container '  itemprop=\"text\" ><ul>\n<li>La douleur au bras ou \u00e0 la jambe (connue sous le nom de sciatique, et partant de la colonne vert\u00e9brale) est, selon la localisation, caract\u00e9ristique de la hernie discale.<\/li>\n<li>La hernie discale aig\u00fce entra\u00eene des douleurs intenses.<\/li>\n<li>Il existe un risque de d\u00e9faillances neurologiques, voire de paralysies de certains muscles.<\/li>\n<\/ul>\n<\/div><\/div><footer class=\"entry-footer\"><\/footer><\/article><br \/>\n<\/p><\/div>\n<style type=\"text\/css\" data-created_by=\"avia_inline_auto\" id=\"style-css-av-av_one_third-d44619911ae79860cf32ccf16c37bd60\">\n#top .flex_column.av-av_one_third-d44619911ae79860cf32ccf16c37bd60{\nmargin-top:30px;\nmargin-bottom:0px;\n}\n.flex_column.av-av_one_third-d44619911ae79860cf32ccf16c37bd60{\nborder-radius:0px 0px 0px 0px;\npadding:0px 0px 0px 0px;\n}\n.responsive #top #wrap_all .flex_column.av-av_one_third-d44619911ae79860cf32ccf16c37bd60{\nmargin-top:30px;\nmargin-bottom:0px;\n}\n<\/style>\n<div  class='flex_column av-av_one_third-d44619911ae79860cf32ccf16c37bd60 av_one_third  avia-builder-el-17  el_after_av_one_third  avia-builder-el-last  av-break-at-tablet flex_column_div av-animated-generic pop-up av-zero-column-padding  '     ><article  class='iconbox iconbox_left av-av_icon_box-1e9508c22046ff2c611d99d324953258  avia-builder-el-18  avia-builder-el-no-sibling '  itemscope=\"itemscope\" itemtype=\"https:\/\/schema.org\/CreativeWork\" ><div class=\"iconbox_content\"><header class=\"entry-content-header\" aria-label=\"Ic\u00f4ne : Diagnostic\"><div class='iconbox_icon heading-color avia-iconfont avia-font-entypo-fontello' data-av_icon='\ue826' data-av_iconfont='entypo-fontello'  ><\/div><h3 class='iconbox_content_title '  itemprop=\"headline\" >Diagnostic<\/h3><\/header><div class='iconbox_content_container '  itemprop=\"text\" ><p>Nous commen\u00e7ons\u00a0par un examen clinique approfondi.<\/p>\n<p>Si nous soup\u00e7onnons une irritation de la racine nerveuse, nous proc\u00e9dons \u00e0 un IRM afin de poser le diagnostic. En effet, la maladie ne peut \u00eatre repr\u00e9sent\u00e9e sur une radiographie.<\/p>\n<p>Nous localisons la hernie discale et d\u00e9finissons le degr\u00e9 de celle-ci.<\/p>\n<\/div><\/div><footer class=\"entry-footer\"><\/footer><\/article><\/div>\n\n<\/div><\/div><\/div><!-- close content main div --><\/div><\/div>\n<style type=\"text\/css\" data-created_by=\"avia_inline_auto\" id=\"style-css-av-av_section-d29fdae00297e20e908800b50c9b0709\">\n#top .avia-section.av-av_section-d29fdae00297e20e908800b50c9b0709 .scroll-down-link{\ncolor:#0163aa;\n}\n#top .avia-section.av-av_section-d29fdae00297e20e908800b50c9b0709 .scroll-down-link.avia-svg-icon svg:first-child{\nstroke:#0163aa;\nfill:#0163aa;\n}\n<\/style>\n<div id='av_section_3'  class='avia-section av-av_section-d29fdae00297e20e908800b50c9b0709 main_color avia-section-huge avia-no-shadow  avia-builder-el-19  el_after_av_section  el_before_av_section  avia-bg-style-scroll container_wrap fullsize'  ><div class=\"av-section-color-overlay-wrap\"><a href='#next-section' title='' class='scroll-down-link av-custom-scroll-down-color avia-svg-icon avia-font-svg_entypo-fontello' data-av_svg_icon='down-open-mini' data-av_iconset='svg_entypo-fontello'><svg version=\"1.1\" xmlns=\"http:\/\/www.w3.org\/2000\/svg\" width=\"15\" height=\"32\" viewBox=\"0 0 15 32\" preserveAspectRatio=\"xMidYMid meet\" aria-labelledby='av-svg-title-2' aria-describedby='av-svg-desc-2' role=\"graphics-symbol\" aria-hidden=\"true\">\n<title id='av-svg-title-2'>Scroller vers la prochaine section<\/title>\n<desc id='av-svg-desc-2'>Scroller vers la prochaine section<\/desc>\n<path d=\"M12.96 12.16q0.704-0.832 1.536 0 0.832 0.704 0 1.536l-6.272 6.144q-0.704 0.704-1.536 0l-6.272-6.144q-0.832-0.832 0-1.536 0.768-0.768 1.6 0l5.44 4.992z\"><\/path>\n<\/svg><\/a><div class='container av-section-cont-open' ><div class='template-page content  av-content-full alpha units'><div class='post-entry post-entry-type-page post-entry-2184'><div class='entry-content-wrapper clearfix'>\n\n<style type=\"text\/css\" data-created_by=\"avia_inline_auto\" id=\"style-css-av-av_heading-2336198acbe3bafd704d80a012793d2d\">\n#top .av-special-heading.av-av_heading-2336198acbe3bafd704d80a012793d2d{\npadding-bottom:10px;\n}\nbody .av-special-heading.av-av_heading-2336198acbe3bafd704d80a012793d2d .av-special-heading-tag .heading-char{\nfont-size:25px;\n}\n.av-special-heading.av-av_heading-2336198acbe3bafd704d80a012793d2d .av-subheading{\nfont-size:26px;\n}\n<\/style>\n<div  class='av-special-heading av-av_heading-2336198acbe3bafd704d80a012793d2d av-special-heading-h5 blockquote modern-quote modern-centered  avia-builder-el-20  el_before_av_hr  avia-builder-el-first '><h5 class='av-special-heading-tag '  itemprop=\"headline\"  >Traitement de la hernie discale<\/h5><div class='av-subheading av-subheading_below'><p>Conservation ou op\u00e9ration<\/p>\n<\/div><div class=\"special-heading-border\"><div class=\"special-heading-inner-border\"><\/div><\/div><\/div>\n<div  class='hr av-av_hr-34b6fe9e9f66a46e6d69cf6e4e15f130 hr-short  avia-builder-el-21  el_after_av_heading  el_before_av_one_half  hr-center'><span class='hr-inner '><span class=\"hr-inner-style\"><\/span><\/span><\/div>\n\n<style type=\"text\/css\" data-created_by=\"avia_inline_auto\" id=\"style-css-av-av_one_half-77bf53c89c2c32a3935dc4e0e85e87af\">\n#top .flex_column.av-av_one_half-77bf53c89c2c32a3935dc4e0e85e87af{\nmargin-top:30px;\nmargin-bottom:50px;\n}\n.flex_column.av-av_one_half-77bf53c89c2c32a3935dc4e0e85e87af{\nborder-radius:0px 0px 0px 0px;\npadding:0px 0px 0px 0px;\n}\n.responsive #top #wrap_all .flex_column.av-av_one_half-77bf53c89c2c32a3935dc4e0e85e87af{\nmargin-top:30px;\nmargin-bottom:50px;\n}\n<\/style>\n<div  class='flex_column av-av_one_half-77bf53c89c2c32a3935dc4e0e85e87af av_one_half  avia-builder-el-22  el_after_av_hr  el_before_av_one_half  first av-break-at-tablet flex_column_div av-animated-generic left-to-right av-zero-column-padding  '     ><style type=\"text\/css\" data-created_by=\"avia_inline_auto\" id=\"style-css-av-av_image-9dfed6fa55d609b6ff453cc245cc2dbc\">\n.avia-image-container.av-av_image-9dfed6fa55d609b6ff453cc245cc2dbc img.avia_image{\nbox-shadow:none;\n}\n.avia-image-container.av-av_image-9dfed6fa55d609b6ff453cc245cc2dbc .av-image-caption-overlay-center{\ncolor:#ffffff;\n}\n<\/style>\n<div  class='avia-image-container av-av_image-9dfed6fa55d609b6ff453cc245cc2dbc av-styling- avia-align-center  avia-builder-el-23  avia-builder-el-no-sibling '   itemprop=\"image\" itemscope=\"itemscope\" itemtype=\"https:\/\/schema.org\/ImageObject\" ><div class=\"avia-image-container-inner\"><div class=\"avia-image-overlay-wrap\"><img decoding=\"async\" fetchpriority=\"high\" class='wp-image-1983 avia-img-lazy-loading-not-1983 avia_image ' src=\"https:\/\/www.medispine.ch\/wp-content\/uploads\/2019\/07\/bandscheiben-op.jpg\" alt='' title=''  height=\"567\" width=\"850\"  itemprop=\"thumbnailUrl\" srcset=\"https:\/\/www.medispine.ch\/wp-content\/uploads\/2019\/07\/bandscheiben-op.jpg 850w, https:\/\/www.medispine.ch\/wp-content\/uploads\/2019\/07\/bandscheiben-op-500x334.jpg 500w, https:\/\/www.medispine.ch\/wp-content\/uploads\/2019\/07\/bandscheiben-op-768x512.jpg 768w, https:\/\/www.medispine.ch\/wp-content\/uploads\/2019\/07\/bandscheiben-op-705x470.jpg 705w, https:\/\/www.medispine.ch\/wp-content\/uploads\/2019\/07\/bandscheiben-op-450x300.jpg 450w, https:\/\/www.medispine.ch\/wp-content\/uploads\/2019\/07\/bandscheiben-op-300x200.jpg 300w\" sizes=\"(max-width: 850px) 100vw, 850px\" \/><\/div><\/div><\/div><\/div>\n<style type=\"text\/css\" data-created_by=\"avia_inline_auto\" id=\"style-css-av-av_one_half-40460a470a6cf73b3189e06642fb6675\">\n#top .flex_column.av-av_one_half-40460a470a6cf73b3189e06642fb6675{\nmargin-top:30px;\nmargin-bottom:50px;\n}\n.flex_column.av-av_one_half-40460a470a6cf73b3189e06642fb6675{\nborder-radius:0px 0px 0px 0px;\npadding:0px 0px 0px 0px;\n}\n.responsive #top #wrap_all .flex_column.av-av_one_half-40460a470a6cf73b3189e06642fb6675{\nmargin-top:30px;\nmargin-bottom:50px;\n}\n<\/style>\n<div  class='flex_column av-av_one_half-40460a470a6cf73b3189e06642fb6675 av_one_half  avia-builder-el-24  el_after_av_one_half  avia-builder-el-last  av-break-at-tablet flex_column_div av-zero-column-padding  '     ><p>\n<style type=\"text\/css\" data-created_by=\"avia_inline_auto\" id=\"style-css-av-av_heading-c6d9025111087bebf2478a4008e1abe0\">\n#top .av-special-heading.av-av_heading-c6d9025111087bebf2478a4008e1abe0{\npadding-bottom:10px;\n}\nbody .av-special-heading.av-av_heading-c6d9025111087bebf2478a4008e1abe0 .av-special-heading-tag .heading-char{\nfont-size:25px;\n}\n.av-special-heading.av-av_heading-c6d9025111087bebf2478a4008e1abe0 .av-subheading{\nfont-size:15px;\n}\n<\/style>\n<div  class='av-special-heading av-av_heading-c6d9025111087bebf2478a4008e1abe0 av-special-heading-h2  avia-builder-el-25  el_before_av_textblock  avia-builder-el-first '><h2 class='av-special-heading-tag '  itemprop=\"headline\"  >Conservation<\/h2><div class=\"special-heading-border\"><div class=\"special-heading-inner-border\"><\/div><\/div><\/div><br \/>\n<section  class='av_textblock_section av-av_textblock-2de302bf1aa3cf4c9157dbe6f50ac7eb '   itemscope=\"itemscope\" itemtype=\"https:\/\/schema.org\/CreativeWork\" ><div class='avia_textblock'  itemprop=\"text\" ><p>Bien souvent, les hernies discales gu\u00e9rissent d&rsquo;elles-m\u00eames. Nous veillons donc \u00e0 n&rsquo;op\u00e9rer que si un traitement conservateur (non chirurgical) ne donne aucun r\u00e9sultat. Pour les patients, il s&rsquo;agit d&rsquo;une issue favorable en pr\u00e9sence de tr\u00e8s peu de sympt\u00f4mes neurologiques et d&rsquo;une faible douleur diffuse.<\/p>\n<p>Des infiltrations de st\u00e9ro\u00efde alli\u00e9es \u00e0 une physioth\u00e9rapie adapt\u00e9e \u00e0 la colonne vert\u00e9brale offrent, en plus d&rsquo;un traitement m\u00e9dicamenteux ad\u00e9quat, une large gamme de traitement.<\/p>\n<\/div><\/section><\/p><\/div>\n\n<\/div><\/div><\/div><!-- close content main div --><\/div><\/div><\/div><div id='av_section_4'  class='avia-section av-av_section-7229bfecaac36566b6cba0c22abc2f68 alternate_color avia-section-huge avia-no-shadow  avia-builder-el-27  el_after_av_section  el_before_av_section  avia-bg-style-scroll container_wrap fullsize'  ><div class='container av-section-cont-open' ><div class='template-page content  av-content-full alpha units'><div class='post-entry post-entry-type-page post-entry-2184'><div class='entry-content-wrapper clearfix'>\n<div class='flex_column_table av-av_one_half-03e6fd59b9cf519188d4c32a32898075 sc-av_one_half av-break-at-tablet-flextable av-equal-height-column-flextable'>\n<style type=\"text\/css\" data-created_by=\"avia_inline_auto\" id=\"style-css-av-av_one_half-03e6fd59b9cf519188d4c32a32898075\">\n#top .flex_column_table.av-equal-height-column-flextable.av-av_one_half-03e6fd59b9cf519188d4c32a32898075{\nmargin-top:0px;\nmargin-bottom:0px;\n}\n.flex_column.av-av_one_half-03e6fd59b9cf519188d4c32a32898075{\nborder-radius:0px 0px 0px 0px;\npadding:0px 0px 0px 0px;\n}\n<\/style>\n<div  class='flex_column av-av_one_half-03e6fd59b9cf519188d4c32a32898075 av_one_half  avia-builder-el-28  el_before_av_one_half  avia-builder-el-first  first av-break-at-tablet flex_column_table_cell av-equal-height-column av-align-top av-zero-column-padding  '     ><section  class='av_textblock_section av-av_textblock-2de302bf1aa3cf4c9157dbe6f50ac7eb '   itemscope=\"itemscope\" itemtype=\"https:\/\/schema.org\/CreativeWork\" ><div class='avia_textblock'  itemprop=\"text\" ><h2 style=\"text-align: right;\">Op\u00e9ration<\/h2>\n<\/div><\/section><br \/>\n<div  class='hr av-av_hr-fec46a0d94521559668cf8199bbab7b6 hr-short  avia-builder-el-30  el_after_av_textblock  el_before_av_textblock  hr-right'><span class='hr-inner '><span class=\"hr-inner-style\"><\/span><\/span><\/div><br \/>\n<section  class='av_textblock_section av-av_textblock-2de302bf1aa3cf4c9157dbe6f50ac7eb '   itemscope=\"itemscope\" itemtype=\"https:\/\/schema.org\/CreativeWork\" ><div class='avia_textblock'  itemprop=\"text\" ><p style=\"text-align: right;\">L&rsquo;op\u00e9ration devient n\u00e9cessaire lorsque des d\u00e9faillances neurologiques apparaissent ou lorsque les douleurs r\u00e9sistent aux th\u00e9rapies. Nous traitons la hernie discale via une petite incision cutan\u00e9e dans le cadre d&rsquo;une technique mini-invasive sous le microscope op\u00e9ratoire.<\/p>\n<p style=\"text-align: right;\">En cas de hernie discale au niveau de la colonne cervicale par acc\u00e8s ant\u00e9rieur, le disque est retir\u00e9 et remplac\u00e9 par un disque artificiel ou par une proth\u00e8se.<br \/>\nLe patient s\u00e9journe trois \u00e0 quatre jours \u00e0 l&rsquo;h\u00f4pital, et la r\u00e9sistance augmente rapidement au bout de quelques semaines.<\/p>\n<\/div><\/section><br \/>\n<div  class='hr av-av_hr-fec46a0d94521559668cf8199bbab7b6 hr-short  avia-builder-el-32  el_after_av_textblock  el_before_av_button  hr-right'><span class='hr-inner '><span class=\"hr-inner-style\"><\/span><\/span><\/div><br \/>\n<div  class='avia-button-wrap av-av_button-c4a0aad32e93b8ff2b25663afd5c9273-wrap avia-button-right  avia-builder-el-33  el_after_av_hr  avia-builder-el-last '><a href='https:\/\/www.medispine.ch\/fr\/contact\/contactez-nous\/'  class='avia-button av-av_button-c4a0aad32e93b8ff2b25663afd5c9273 av-link-btn avia-icon_select-yes-right-icon avia-size-large avia-position-right avia-color-theme-color'   aria-label=\"Prendre RDV\"><span class='avia_iconbox_title' >Prendre RDV<\/span><span class='avia_button_icon avia_button_icon_right avia-iconfont avia-font-entypo-fontello' data-av_icon='\ue832' data-av_iconfont='entypo-fontello' ><\/span><\/a><\/div><\/p><\/div><div class='av-flex-placeholder'><\/div>\n<style type=\"text\/css\" data-created_by=\"avia_inline_auto\" id=\"style-css-av-av_one_half-12629551a72e4becd1c03a15d63d411c\">\n#top .flex_column_table.av-equal-height-column-flextable.av-av_one_half-12629551a72e4becd1c03a15d63d411c{\nmargin-top:0px;\nmargin-bottom:0px;\n}\n.flex_column.av-av_one_half-12629551a72e4becd1c03a15d63d411c{\nborder-radius:0px 0px 0px 0px;\npadding:0px 0px 0px 0px;\n}\n<\/style>\n<div  class='flex_column av-av_one_half-12629551a72e4becd1c03a15d63d411c av_one_half  avia-builder-el-34  el_after_av_one_half  avia-builder-el-last  av-break-at-tablet flex_column_table_cell av-equal-height-column av-align-top av-animated-generic right-to-left av-zero-column-padding  '     ><p>\n<style type=\"text\/css\" data-created_by=\"avia_inline_auto\" id=\"style-css-av-av_image-36ea6fbd178c8b5703f23c214740cabd\">\n.avia-image-container.av-av_image-36ea6fbd178c8b5703f23c214740cabd img.avia_image{\nbox-shadow:none;\n}\n.avia-image-container.av-av_image-36ea6fbd178c8b5703f23c214740cabd .av-image-caption-overlay-center{\ncolor:#ffffff;\n}\n<\/style>\n<div  class='avia-image-container av-av_image-36ea6fbd178c8b5703f23c214740cabd av-styling- av-hover-grow avia-align-left  avia-builder-el-35  el_before_av_textblock  avia-builder-el-first '   itemprop=\"image\" itemscope=\"itemscope\" itemtype=\"https:\/\/schema.org\/ImageObject\" ><div class=\"avia-image-container-inner\"><div class=\"avia-image-overlay-wrap\"><img decoding=\"async\" fetchpriority=\"high\" class='wp-image-2039 avia-img-lazy-loading-not-2039 avia_image ' src=\"https:\/\/www.medispine.ch\/wp-content\/uploads\/2019\/08\/diskushernie.jpg\" alt='' title='Diskushernie'  height=\"368\" width=\"552\"  itemprop=\"thumbnailUrl\" srcset=\"https:\/\/www.medispine.ch\/wp-content\/uploads\/2019\/08\/diskushernie.jpg 552w, https:\/\/www.medispine.ch\/wp-content\/uploads\/2019\/08\/diskushernie-500x333.jpg 500w, https:\/\/www.medispine.ch\/wp-content\/uploads\/2019\/08\/diskushernie-450x300.jpg 450w, https:\/\/www.medispine.ch\/wp-content\/uploads\/2019\/08\/diskushernie-300x200.jpg 300w\" sizes=\"(max-width: 552px) 100vw, 552px\" \/><\/div><\/div><\/div><br \/>\n<section  class='av_textblock_section av-av_textblock-2de302bf1aa3cf4c9157dbe6f50ac7eb '   itemscope=\"itemscope\" itemtype=\"https:\/\/schema.org\/CreativeWork\" ><div class='avia_textblock'  itemprop=\"text\" ><p><span class=\"img_caption_below\" style=\"padding-top: 1em;\">Hernie discale LWK5\/SWK1 avec s\u00e9questre osseux volumineux.<br \/>\n<\/span><\/p>\n<\/div><\/section><\/p><\/div><\/div><!--close column table wrapper. Autoclose: 1 --><\/div><\/div><\/div><!-- close content main div --><\/div><\/div><div id='av_section_5'  class='avia-section av-av_section-5eb43af359cd4101d31203f0609762f9 main_color avia-section-huge avia-no-shadow  avia-builder-el-37  el_after_av_section  el_before_av_section  avia-bg-style-scroll container_wrap fullsize'  ><div class='container av-section-cont-open' ><div class='template-page content  av-content-full alpha units'><div class='post-entry post-entry-type-page post-entry-2184'><div class='entry-content-wrapper clearfix'>\n\n<style type=\"text\/css\" data-created_by=\"avia_inline_auto\" id=\"style-css-av-av_one_half-56ceeace8b3e48035797c1ee0a07a903\">\n.flex_column.av-av_one_half-56ceeace8b3e48035797c1ee0a07a903{\nborder-radius:0px 0px 0px 0px;\npadding:0px 0px 0px 0px;\n}\n<\/style>\n<div  class='flex_column av-av_one_half-56ceeace8b3e48035797c1ee0a07a903 av_one_half  avia-builder-el-38  el_before_av_one_half  avia-builder-el-first  first av-break-at-tablet flex_column_div av-animated-generic bottom-to-top av-zero-column-padding  '     ><style type=\"text\/css\" data-created_by=\"avia_inline_auto\" id=\"style-css-av-av_promobox-efb8ecea3920606c0946c26cfe96459f\">\n.av_promobox.av-av_promobox-efb8ecea3920606c0946c26cfe96459f{\ncolor:#585858;\nbackground:#f8f8f8;\n}\n<\/style>\n<div  class='av_promobox av-av_promobox-efb8ecea3920606c0946c26cfe96459f avia-button-yes  avia-builder-el-39  avia-builder-el-no-sibling '><div class='avia-promocontent'><\/p>\n<h3>Nous contacter<\/h3>\n<p>Vous avez des questions ou souhaitez prendre RDV ? N&rsquo;h\u00e9sitez pas \u00e0 nous contacter, nous serons ravis de vous renseigner !<\/p>\n<\/div><div  class='avia-button-wrap av-av_button-cfc548ea88da80524249b07501a0bbcd-wrap avia-button-right '><a href='https:\/\/www.medispine.ch\/fr\/contact\/contactez-nous\/'  class='avia-button av-av_button-cfc548ea88da80524249b07501a0bbcd av-link-btn avia-icon_select-yes-left-icon avia-size-large avia-position-right avia-color-theme-color'   aria-label=\"Contact\"><span class='avia_button_icon avia_button_icon_left avia-iconfont avia-font-entypo-fontello' data-av_icon='\ue832' data-av_iconfont='entypo-fontello' ><\/span><span class='avia_iconbox_title' >Contact<\/span><\/a><\/div><\/div><\/div>\n<style type=\"text\/css\" data-created_by=\"avia_inline_auto\" id=\"style-css-av-av_one_half-8e68d8f27afa3b61f52d4b37ac580f0b\">\n.flex_column.av-av_one_half-8e68d8f27afa3b61f52d4b37ac580f0b{\nborder-radius:0px 0px 0px 0px;\npadding:0px 0px 0px 0px;\n}\n<\/style>\n<div  class='flex_column av-av_one_half-8e68d8f27afa3b61f52d4b37ac580f0b av_one_half  avia-builder-el-40  el_after_av_one_half  avia-builder-el-last  av-break-at-tablet flex_column_div av-animated-generic bottom-to-top av-zero-column-padding  '     ><style type=\"text\/css\" data-created_by=\"avia_inline_auto\" id=\"style-css-av-av_promobox-291303b2cb1b1efc8afd2326638ddecd\">\n.av_promobox.av-av_promobox-291303b2cb1b1efc8afd2326638ddecd{\ncolor:#585858;\nbackground:#f8f8f8;\n}\n<\/style>\n<div  class='av_promobox av-av_promobox-291303b2cb1b1efc8afd2326638ddecd avia-button-yes  avia-builder-el-41  avia-builder-el-no-sibling '><div class='avia-promocontent'><\/p>\n<h3>Nos consultations<\/h3>\n<p>Si vous avez des questions concernant vos probl\u00e8mes de dos, douleurs ou blessures, nous mettrons nos connaissances et notre exp\u00e9rience \u00e0 votre disposition.<\/p>\n<\/div><div  class='avia-button-wrap av-av_button-ac57b92c47ad66d822f823ef46367434-wrap avia-button-right '><a href='https:\/\/www.medispine.ch\/fr\/prestations\/consultations\/'  class='avia-button av-av_button-ac57b92c47ad66d822f823ef46367434 av-link-btn avia-icon_select-yes-left-icon avia-size-large avia-position-right avia-color-theme-color'   aria-label=\"Consultations\"><span class='avia_button_icon avia_button_icon_left avia-iconfont avia-font-entypo-fontello' data-av_icon='\ue832' data-av_iconfont='entypo-fontello' ><\/span><span class='avia_iconbox_title' >Consultations<\/span><\/a><\/div><\/div><\/div><\/div><\/div><\/div><!-- close content main div --><\/div><\/div><div id='av_section_6'  class='avia-section av-av_section-4cbd0aa7dda3f773804fef3219c2291c alternate_color avia-section-large avia-no-shadow  avia-builder-el-42  el_after_av_section  avia-builder-el-last  avia-bg-style-parallax container_wrap fullsize'  ><div class='container av-section-cont-open' ><div class='template-page content  av-content-full alpha units'><div class='post-entry post-entry-type-page post-entry-2184'><div class='entry-content-wrapper clearfix'>\n\n<style type=\"text\/css\" data-created_by=\"avia_inline_auto\" id=\"style-css-av-av_heading-5816fa959d7f7dc660be41f985e61c08\">\n#top .av-special-heading.av-av_heading-5816fa959d7f7dc660be41f985e61c08{\npadding-bottom:10px;\n}\nbody .av-special-heading.av-av_heading-5816fa959d7f7dc660be41f985e61c08 .av-special-heading-tag .heading-char{\nfont-size:25px;\n}\n.av-special-heading.av-av_heading-5816fa959d7f7dc660be41f985e61c08 .av-subheading{\nfont-size:26px;\n}\n<\/style>\n<div  class='av-special-heading av-av_heading-5816fa959d7f7dc660be41f985e61c08 av-special-heading-h5 blockquote modern-quote modern-centered  avia-builder-el-43  el_before_av_hr  avia-builder-el-first '><h5 class='av-special-heading-tag '  itemprop=\"headline\"  >Fonction des disques intervert\u00e9braux<\/h5><div class='av-subheading av-subheading_below'><p>Amortisseurs importants de la colonne vert\u00e9brale<\/p>\n<\/div><div class=\"special-heading-border\"><div class=\"special-heading-inner-border\"><\/div><\/div><\/div>\n<div  class='hr av-av_hr-34b6fe9e9f66a46e6d69cf6e4e15f130 hr-short  avia-builder-el-44  el_after_av_heading  el_before_av_one_half  hr-center'><span class='hr-inner '><span class=\"hr-inner-style\"><\/span><\/span><\/div>\n<div class='flex_column_table av-av_one_half-631838baa60bc65944b77a6e8c9529df sc-av_one_half av-break-at-tablet-flextable av-equal-height-column-flextable'>\n<style type=\"text\/css\" data-created_by=\"avia_inline_auto\" id=\"style-css-av-av_one_half-631838baa60bc65944b77a6e8c9529df\">\n#top .flex_column_table.av-equal-height-column-flextable.av-av_one_half-631838baa60bc65944b77a6e8c9529df{\nmargin-top:30px;\nmargin-bottom:0px;\n}\n.flex_column.av-av_one_half-631838baa60bc65944b77a6e8c9529df{\nborder-radius:0px 0px 0px 0px;\npadding:0px 0px 0px 0px;\n}\n<\/style>\n<div  class='flex_column av-av_one_half-631838baa60bc65944b77a6e8c9529df av_one_half  avia-builder-el-45  el_after_av_hr  el_before_av_one_half  first av-break-at-tablet flex_column_table_cell av-equal-height-column av-align-middle av-zero-column-padding  '     ><\/div><div class='av-flex-placeholder'><\/div>\n<style type=\"text\/css\" data-created_by=\"avia_inline_auto\" id=\"style-css-av-av_one_half-c8fc129dc35fd1ae2a1e410224d39ea8\">\n#top .flex_column_table.av-equal-height-column-flextable.av-av_one_half-c8fc129dc35fd1ae2a1e410224d39ea8{\nmargin-top:30px;\nmargin-bottom:0px;\n}\n.flex_column.av-av_one_half-c8fc129dc35fd1ae2a1e410224d39ea8{\nborder-radius:0px 0px 0px 0px;\npadding:0px 0px 0px 0px;\n}\n<\/style>\n<div  class='flex_column av-av_one_half-c8fc129dc35fd1ae2a1e410224d39ea8 av_one_half  avia-builder-el-47  el_after_av_one_half  avia-builder-el-last  av-break-at-tablet flex_column_table_cell av-equal-height-column av-align-middle av-zero-column-padding  '     ><p>\n<style type=\"text\/css\" data-created_by=\"avia_inline_auto\" id=\"style-css-av-av_heading-507995fc2e0279612508bc537a303cc4\">\n#top .av-special-heading.av-av_heading-507995fc2e0279612508bc537a303cc4{\npadding-bottom:10px;\n}\nbody .av-special-heading.av-av_heading-507995fc2e0279612508bc537a303cc4 .av-special-heading-tag .heading-char{\nfont-size:25px;\n}\n.av-special-heading.av-av_heading-507995fc2e0279612508bc537a303cc4 .av-subheading{\nfont-size:15px;\n}\n<\/style>\n<div  class='av-special-heading av-av_heading-507995fc2e0279612508bc537a303cc4 av-special-heading-h3  avia-builder-el-48  el_before_av_textblock  avia-builder-el-first '><h3 class='av-special-heading-tag '  itemprop=\"headline\"  >Anneaux \u00e9lastiques<\/h3><div class=\"special-heading-border\"><div class=\"special-heading-inner-border\"><\/div><\/div><\/div><br \/>\n<section  class='av_textblock_section av-av_textblock-2de302bf1aa3cf4c9157dbe6f50ac7eb '   itemscope=\"itemscope\" itemtype=\"https:\/\/schema.org\/CreativeWork\" ><div class='avia_textblock'  itemprop=\"text\" ><p><strong><span class='av_dropcap1 av-av_dropcap1-3cd9da5fea0ef5fb27aee617571c39a3'>L<\/span><\/strong>es disques intervert\u00e9braux sont consid\u00e9r\u00e9s comme des amortisseurs de la colonne vert\u00e9brale. Ils se trouvent entre les diff\u00e9rentes vert\u00e8bres et les emp\u00eachent de frotter les uns contre les autres. Si ce tampon ne fonctionne pas correctement, cela peut entra\u00eener des douleurs dorsales et limiter les mouvements.<\/p>\n<p>Un disque est compos\u00e9 d&rsquo;un anneau \u00e9lastique en tissu conjonctif solide et fibreux (anneau fibreux) et d&rsquo;un noyau souple constitu\u00e9 d&rsquo;un liquide ayant l&rsquo;aspect d&rsquo;une gel\u00e9e (noyau g\u00e9latineux).<\/p>\n<p>Le noyau g\u00e9nlatineux amortit les chocs et les pressions \u00e0 la mani\u00e8re d&rsquo;un coussin d&rsquo;eau bien rempli et permet une r\u00e9partition homog\u00e8ne des charges.<\/p>\n<\/div><\/section><\/p><\/div><\/div><!--close column table wrapper. Autoclose: 1 -->\n<\/p>\n","protected":false},"excerpt":{"rendered":"","protected":false},"author":1,"featured_media":0,"parent":2183,"menu_order":1,"comment_status":"closed","ping_status":"closed","template":"","meta":{"footnotes":""},"class_list":["post-2184","page","type-page","status-publish","hentry"],"yoast_head":"<!-- This site is optimized with the Yoast SEO plugin v27.5 - https:\/\/yoast.com\/product\/yoast-seo-wordpress\/ -->\n<title>Hernie discale aigue \u2013 traiter efficacement la hernie discale \u00e0 Bienne<\/title>\n<meta name=\"description\" content=\"Le Centre de chirurgie du rachis de Bienne est sp\u00e9cialis\u00e9 dans le traitement conservateur, op\u00e9ratoire et mini-invasif des hernies discales.\" \/>\n<meta name=\"robots\" content=\"index, follow, max-snippet:-1, max-image-preview:large, max-video-preview:-1\" \/>\n<link rel=\"canonical\" href=\"https:\/\/www.medispine.ch\/fr\/la-colonne-vertebrale\/pathologies-degeneratives\/herniediscale-aigue\/\" \/>\n<meta property=\"og:locale\" content=\"fr_FR\" \/>\n<meta property=\"og:type\" content=\"article\" \/>\n<meta property=\"og:title\" content=\"Hernie discale aigue \u2013 traiter efficacement la hernie discale \u00e0 Bienne\" \/>\n<meta property=\"og:description\" content=\"Le Centre de chirurgie du rachis de Bienne est sp\u00e9cialis\u00e9 dans le traitement conservateur, op\u00e9ratoire et mini-invasif des hernies discales.\" \/>\n<meta property=\"og:url\" content=\"https:\/\/www.medispine.ch\/fr\/la-colonne-vertebrale\/pathologies-degeneratives\/herniediscale-aigue\/\" \/>\n<meta property=\"og:site_name\" content=\"Wirbels\u00e4ulenzentrum Biel-Seeland\" \/>\n<meta property=\"article:modified_time\" content=\"2019-09-16T15:00:23+00:00\" \/>\n<meta name=\"twitter:card\" content=\"summary_large_image\" \/>\n<meta name=\"twitter:label1\" content=\"Dur\u00e9e de lecture estim\u00e9e\" \/>\n\t<meta name=\"twitter:data1\" content=\"16 minutes\" \/>\n<script type=\"application\/ld+json\" class=\"yoast-schema-graph\">{\"@context\":\"https:\\\/\\\/schema.org\",\"@graph\":[{\"@type\":\"WebPage\",\"@id\":\"https:\\\/\\\/www.medispine.ch\\\/fr\\\/la-colonne-vertebrale\\\/pathologies-degeneratives\\\/herniediscale-aigue\\\/\",\"url\":\"https:\\\/\\\/www.medispine.ch\\\/fr\\\/la-colonne-vertebrale\\\/pathologies-degeneratives\\\/herniediscale-aigue\\\/\",\"name\":\"Hernie discale aigue \u2013 traiter efficacement la hernie discale \u00e0 Bienne\",\"isPartOf\":{\"@id\":\"https:\\\/\\\/www.medispine.ch\\\/#website\"},\"datePublished\":\"2019-08-14T13:27:41+00:00\",\"dateModified\":\"2019-09-16T15:00:23+00:00\",\"description\":\"Le Centre de chirurgie du rachis de Bienne est sp\u00e9cialis\u00e9 dans le traitement conservateur, op\u00e9ratoire et mini-invasif des hernies discales.\",\"breadcrumb\":{\"@id\":\"https:\\\/\\\/www.medispine.ch\\\/fr\\\/la-colonne-vertebrale\\\/pathologies-degeneratives\\\/herniediscale-aigue\\\/#breadcrumb\"},\"inLanguage\":\"fr-FR\",\"potentialAction\":[{\"@type\":\"ReadAction\",\"target\":[\"https:\\\/\\\/www.medispine.ch\\\/fr\\\/la-colonne-vertebrale\\\/pathologies-degeneratives\\\/herniediscale-aigue\\\/\"]}]},{\"@type\":\"BreadcrumbList\",\"@id\":\"https:\\\/\\\/www.medispine.ch\\\/fr\\\/la-colonne-vertebrale\\\/pathologies-degeneratives\\\/herniediscale-aigue\\\/#breadcrumb\",\"itemListElement\":[{\"@type\":\"ListItem\",\"position\":1,\"name\":\"Startseite\",\"item\":\"https:\\\/\\\/www.medispine.ch\\\/fr\\\/\"},{\"@type\":\"ListItem\",\"position\":2,\"name\":\"La colonne vert\u00e9brale\",\"item\":\"https:\\\/\\\/www.medispine.ch\\\/fr\\\/la-colonne-vertebrale\\\/\"},{\"@type\":\"ListItem\",\"position\":3,\"name\":\"Pathologies d\u00e9g\u00e9n\u00e9ratives\",\"item\":\"https:\\\/\\\/www.medispine.ch\\\/fr\\\/la-colonne-vertebrale\\\/pathologies-degeneratives\\\/\"},{\"@type\":\"ListItem\",\"position\":4,\"name\":\"Hernie discale aigu\u00eb\"}]},{\"@type\":\"WebSite\",\"@id\":\"https:\\\/\\\/www.medispine.ch\\\/#website\",\"url\":\"https:\\\/\\\/www.medispine.ch\\\/\",\"name\":\"Wirbels\u00e4ulenzentrum Biel-Seeland\",\"description\":\"\",\"potentialAction\":[{\"@type\":\"SearchAction\",\"target\":{\"@type\":\"EntryPoint\",\"urlTemplate\":\"https:\\\/\\\/www.medispine.ch\\\/?s={search_term_string}\"},\"query-input\":{\"@type\":\"PropertyValueSpecification\",\"valueRequired\":true,\"valueName\":\"search_term_string\"}}],\"inLanguage\":\"fr-FR\"}]}<\/script>\n<!-- \/ Yoast SEO plugin. -->","yoast_head_json":{"title":"Hernie discale aigue \u2013 traiter efficacement la hernie discale \u00e0 Bienne","description":"Le Centre de chirurgie du rachis de Bienne est sp\u00e9cialis\u00e9 dans le traitement conservateur, op\u00e9ratoire et mini-invasif des hernies discales.","robots":{"index":"index","follow":"follow","max-snippet":"max-snippet:-1","max-image-preview":"max-image-preview:large","max-video-preview":"max-video-preview:-1"},"canonical":"https:\/\/www.medispine.ch\/fr\/la-colonne-vertebrale\/pathologies-degeneratives\/herniediscale-aigue\/","og_locale":"fr_FR","og_type":"article","og_title":"Hernie discale aigue \u2013 traiter efficacement la hernie discale \u00e0 Bienne","og_description":"Le Centre de chirurgie du rachis de Bienne est sp\u00e9cialis\u00e9 dans le traitement conservateur, op\u00e9ratoire et mini-invasif des hernies discales.","og_url":"https:\/\/www.medispine.ch\/fr\/la-colonne-vertebrale\/pathologies-degeneratives\/herniediscale-aigue\/","og_site_name":"Wirbels\u00e4ulenzentrum Biel-Seeland","article_modified_time":"2019-09-16T15:00:23+00:00","twitter_card":"summary_large_image","twitter_misc":{"Dur\u00e9e de lecture estim\u00e9e":"16 minutes"},"schema":{"@context":"https:\/\/schema.org","@graph":[{"@type":"WebPage","@id":"https:\/\/www.medispine.ch\/fr\/la-colonne-vertebrale\/pathologies-degeneratives\/herniediscale-aigue\/","url":"https:\/\/www.medispine.ch\/fr\/la-colonne-vertebrale\/pathologies-degeneratives\/herniediscale-aigue\/","name":"Hernie discale aigue \u2013 traiter efficacement la hernie discale \u00e0 Bienne","isPartOf":{"@id":"https:\/\/www.medispine.ch\/#website"},"datePublished":"2019-08-14T13:27:41+00:00","dateModified":"2019-09-16T15:00:23+00:00","description":"Le Centre de chirurgie du rachis de Bienne est sp\u00e9cialis\u00e9 dans le traitement conservateur, op\u00e9ratoire et mini-invasif des hernies discales.","breadcrumb":{"@id":"https:\/\/www.medispine.ch\/fr\/la-colonne-vertebrale\/pathologies-degeneratives\/herniediscale-aigue\/#breadcrumb"},"inLanguage":"fr-FR","potentialAction":[{"@type":"ReadAction","target":["https:\/\/www.medispine.ch\/fr\/la-colonne-vertebrale\/pathologies-degeneratives\/herniediscale-aigue\/"]}]},{"@type":"BreadcrumbList","@id":"https:\/\/www.medispine.ch\/fr\/la-colonne-vertebrale\/pathologies-degeneratives\/herniediscale-aigue\/#breadcrumb","itemListElement":[{"@type":"ListItem","position":1,"name":"Startseite","item":"https:\/\/www.medispine.ch\/fr\/"},{"@type":"ListItem","position":2,"name":"La colonne vert\u00e9brale","item":"https:\/\/www.medispine.ch\/fr\/la-colonne-vertebrale\/"},{"@type":"ListItem","position":3,"name":"Pathologies d\u00e9g\u00e9n\u00e9ratives","item":"https:\/\/www.medispine.ch\/fr\/la-colonne-vertebrale\/pathologies-degeneratives\/"},{"@type":"ListItem","position":4,"name":"Hernie discale aigu\u00eb"}]},{"@type":"WebSite","@id":"https:\/\/www.medispine.ch\/#website","url":"https:\/\/www.medispine.ch\/","name":"Wirbels\u00e4ulenzentrum Biel-Seeland","description":"","potentialAction":[{"@type":"SearchAction","target":{"@type":"EntryPoint","urlTemplate":"https:\/\/www.medispine.ch\/?s={search_term_string}"},"query-input":{"@type":"PropertyValueSpecification","valueRequired":true,"valueName":"search_term_string"}}],"inLanguage":"fr-FR"}]}},"_links":{"self":[{"href":"https:\/\/www.medispine.ch\/fr\/wp-json\/wp\/v2\/pages\/2184","targetHints":{"allow":["GET"]}}],"collection":[{"href":"https:\/\/www.medispine.ch\/fr\/wp-json\/wp\/v2\/pages"}],"about":[{"href":"https:\/\/www.medispine.ch\/fr\/wp-json\/wp\/v2\/types\/page"}],"author":[{"embeddable":true,"href":"https:\/\/www.medispine.ch\/fr\/wp-json\/wp\/v2\/users\/1"}],"replies":[{"embeddable":true,"href":"https:\/\/www.medispine.ch\/fr\/wp-json\/wp\/v2\/comments?post=2184"}],"version-history":[{"count":20,"href":"https:\/\/www.medispine.ch\/fr\/wp-json\/wp\/v2\/pages\/2184\/revisions"}],"predecessor-version":[{"id":2976,"href":"https:\/\/www.medispine.ch\/fr\/wp-json\/wp\/v2\/pages\/2184\/revisions\/2976"}],"up":[{"embeddable":true,"href":"https:\/\/www.medispine.ch\/fr\/wp-json\/wp\/v2\/pages\/2183"}],"wp:attachment":[{"href":"https:\/\/www.medispine.ch\/fr\/wp-json\/wp\/v2\/media?parent=2184"}],"curies":[{"name":"wp","href":"https:\/\/api.w.org\/{rel}","templated":true}]}}